

{"id":3727,"date":"2015-11-23T13:28:24","date_gmt":"2015-11-23T13:28:24","guid":{"rendered":"http:\/\/localhost:10003\/fr\/?page_id=3727"},"modified":"2017-03-27T11:00:18","modified_gmt":"2017-03-27T11:00:18","slug":"types-de-projets","status":"publish","type":"page","link":"https:\/\/app.racontr.com\/fr\/types-de-projets\/","title":{"rendered":"Types de projets"},"content":{"rendered":"<p>[vc_row type=\u00a0\u00bbcolor\u00a0\u00bb bg_color=\u00a0\u00bb#444444&Prime; margin_bottom=\u00a0\u00bb40&Prime;][vc_column][vc_empty_space height=\u00a0\u00bb80px\u00a0\u00bb][vc_column_text]<\/p>\n<h1 style=\"color: #ffffff; text-align: center;\">CONSTRUISEZ VOS PROPRES<br \/>\nEXP?RIENCES INTERACTIVES !<\/h1>\n<p>[\/vc_column_text][vc_empty_space height=\u00a0\u00bb20px\u00a0\u00bb][vc_separator color=\u00a0\u00bbwhite\u00a0\u00bb el_width=\u00a0\u00bb30&Prime;][vc_empty_space height=\u00a0\u00bb40px\u00a0\u00bb][vc_row_inner][vc_column_inner width=\u00a0\u00bb1\/6&Prime;][vc_icon type=\u00a0\u00bbentypo\u00a0\u00bb icon_entypo=\u00a0\u00bbentypo-icon entypo-icon-globe\u00a0\u00bb color=\u00a0\u00bbwhite\u00a0\u00bb background_style=\u00a0\u00bbrounded-outline\u00a0\u00bb size=\u00a0\u00bbxl\u00a0\u00bb align=\u00a0\u00bbcenter\u00a0\u00bb link=\u00a0\u00bburl:%23ancre2||\u00a0\u00bb][vc_column_text]<\/p>\n<p style=\"text-align: center;\"><strong style=\"color: #ffffff;\">Web Documentaire<\/strong><\/p>\n<p style=\"text-align: center; color: #ffffff;\">Construisez votre projet pour cr\u00e9er diff\u00e9rents niveaux de lecture et captivez votre auditoire !<\/p>\n<p>[\/vc_column_text][\/vc_column_inner][vc_column_inner width=\u00a0\u00bb1\/6&Prime;][vc_icon type=\u00a0\u00bbentypo\u00a0\u00bb icon_entypo=\u00a0\u00bbentypo-icon entypo-icon-mouse\u00a0\u00bb color=\u00a0\u00bbwhite\u00a0\u00bb background_style=\u00a0\u00bbrounded-outline\u00a0\u00bb size=\u00a0\u00bbxl\u00a0\u00bb align=\u00a0\u00bbcenter\u00a0\u00bb link=\u00a0\u00bburl:%23ancre3||\u00a0\u00bb][vc_column_text]<\/p>\n<p style=\"text-align: center;\"><strong style=\"color: #ffffff;\">Long format<\/strong><\/p>\n<p style=\"text-align: center; color: #ffffff;\">Utilisez la simplicit\u00e9 d&rsquo;une navigation par scroll pour animer vos diff\u00e9rents m\u00e9dias.<\/p>\n<p>[\/vc_column_text][\/vc_column_inner][vc_column_inner width=\u00a0\u00bb1\/6&Prime;][vc_icon type=\u00a0\u00bbentypo\u00a0\u00bb icon_entypo=\u00a0\u00bbentypo-icon entypo-icon-video\u00a0\u00bb color=\u00a0\u00bbwhite\u00a0\u00bb background_style=\u00a0\u00bbrounded-outline\u00a0\u00bb size=\u00a0\u00bbxl\u00a0\u00bb align=\u00a0\u00bbcenter\u00a0\u00bb link=\u00a0\u00bburl:%23ancre4||\u00a0\u00bb][vc_column_text]<\/p>\n<p style=\"text-align: center;\"><strong style=\"color: #ffffff;\">Vid?os interactives<\/strong><\/p>\n<p style=\"text-align: center; color: #ffffff;\">Cr\u00e9ez un film dont votre public sera le h\u00e9ros, ou donnez-lui la possibilit\u00e9 d&rsquo;interagir \u00e0 certains moments pour obtenir plus d&rsquo;informations sur une sc\u00e8ne.<\/p>\n<p>[\/vc_column_text][\/vc_column_inner][vc_column_inner width=\u00a0\u00bb1\/6&Prime;][vc_icon type=\u00a0\u00bbentypo\u00a0\u00bb icon_entypo=\u00a0\u00bbentypo-icon entypo-icon-chart-pie\u00a0\u00bb color=\u00a0\u00bbwhite\u00a0\u00bb background_style=\u00a0\u00bbrounded-outline\u00a0\u00bb size=\u00a0\u00bbxl\u00a0\u00bb align=\u00a0\u00bbcenter\u00a0\u00bb link=\u00a0\u00bburl:%23ancre5||\u00a0\u00bb][vc_column_text]<\/p>\n<p style=\"text-align: center;\"><strong style=\"color: #ffffff;\">Illustrations interactives<\/strong><\/p>\n<p style=\"text-align: center; color: #ffffff;\">Cr\u00e9ez un film dont votre public sera le h\u00e9ros, ou donnez-lui la possibilit\u00e9 d&rsquo;interagir \u00e0 certains moments pour obtenir plus d&rsquo;informations sur une sc\u00e8ne.<\/p>\n<p>[\/vc_column_text][\/vc_column_inner][vc_column_inner width=\u00a0\u00bb1\/6&Prime;][vc_icon type=\u00a0\u00bbentypo\u00a0\u00bb icon_entypo=\u00a0\u00bbentypo-icon entypo-icon-rocket\u00a0\u00bb color=\u00a0\u00bbwhite\u00a0\u00bb background_style=\u00a0\u00bbrounded-outline\u00a0\u00bb size=\u00a0\u00bbxl\u00a0\u00bb align=\u00a0\u00bbcenter\u00a0\u00bb link=\u00a0\u00bburl:%23ancre1||\u00a0\u00bb][vc_column_text]<\/p>\n<p style=\"text-align: center;\"><strong style=\"color: #ffffff;\">Serious game<\/strong><\/p>\n<p style=\"text-align: center; color: #ffffff;\">Engagez votre public en utilisant les principes de gamification et amenez-les \u00e0 d\u00e9couvrir des sujets auxquels ils ne se seraient pas int\u00e9ress\u00e9s !<\/p>\n<p>[\/vc_column_text][\/vc_column_inner][vc_column_inner width=\u00a0\u00bb1\/6&Prime;][vc_icon type=\u00a0\u00bbentypo\u00a0\u00bb icon_entypo=\u00a0\u00bbentypo-icon entypo-icon-vcard\u00a0\u00bb color=\u00a0\u00bbwhite\u00a0\u00bb background_style=\u00a0\u00bbrounded-outline\u00a0\u00bb size=\u00a0\u00bbxl\u00a0\u00bb align=\u00a0\u00bbcenter\u00a0\u00bb link=\u00a0\u00bburl:%23ancre6||\u00a0\u00bb][vc_column_text]<\/p>\n<p style=\"text-align: center;\"><strong style=\"color: #ffffff;\">Websites<\/strong><\/p>\n<p style=\"text-align: center; color: #ffffff;\">Cr\u00e9ez rapidement vos portfolios, pr\u00e9sentations ou sites vitrines avec une grande facilit\u00e9 d&rsquo;int\u00e9gration.<\/p>\n<p>[\/vc_column_text][\/vc_column_inner][\/vc_row_inner][vc_empty_space height=\u00a0\u00bb50px\u00a0\u00bb][\/vc_column][\/vc_row][vc_row][vc_column][vc_single_image image=\u00a0\u00bb5426&Prime; img_size=\u00a0\u00bbfull\u00a0\u00bb alignment=\u00a0\u00bbcenter\u00a0\u00bb css=\u00a0\u00bb.vc_custom_1458851079071{margin-top: -100px !important;}\u00a0\u00bb][vc_empty_space height=\u00a0\u00bb50px\u00a0\u00bb][vc_column_text css=\u00a0\u00bb.vc_custom_1448281026836{margin-bottom: -3px !important;}\u00a0\u00bb]<\/p>\n<div id=\"ancre1\">\n<h3><strong>Serious game \/ Game<\/strong><\/h3>\n<\/div>\n<p>[\/vc_column_text][vc_separator][vc_row_inner][vc_column_inner width=\u00a0\u00bb1\/2&Prime;][vc_video link=\u00a0\u00bbhttps:\/\/vimeo.com\/113697777&Prime;][vc_column_text]<\/p>\n<div id=\"gauche\"><strong>Edouard le renard<\/strong><\/div>\n<div id=\"droit\">\n<p>Ce projet avec des animaux tr\u00e8s mignons a \u00e9t\u00e9 enti\u00e8rement con\u00e7u par <strong>Guilhem<\/strong>, directeur artistique de l&rsquo;\u00e9quipe <strong>RacontR<\/strong>, du <strong>graphisme \u00e0 l&rsquo;int\u00e9gration.<\/strong><\/p>\n<p>Il a \u00e9t\u00e9 pens\u00e9 comme <strong>un petit jeu interactif<\/strong>, pour tablettes et ordinateurs, \u00e0 destination des petits et des grands enfants&#8230;<\/p>\n<\/div>\n<p>[\/vc_column_text][vc_btn title=\u00a0\u00bbD\u00e9couvrez le projet\u00a0\u00bb color=\u00a0\u00bbpeacoc\u00a0\u00bb size=\u00a0\u00bblg\u00a0\u00bb align=\u00a0\u00bbcenter\u00a0\u00bb i_icon_fontawesome=\u00a0\u00bbfa fa-eye\u00a0\u00bb button_block=\u00a0\u00bbtrue\u00a0\u00bb add_icon=\u00a0\u00bbtrue\u00a0\u00bb link=\u00a0\u00bburl:https%3A%2F%2Fracontr.wpengine.com%2Fprojects%2Fedouard-le-renard%2F||\u00a0\u00bb][\/vc_column_inner][vc_column_inner width=\u00a0\u00bb1\/2&Prime;][vc_video link=\u00a0\u00bbhttps:\/\/vimeo.com\/113698634&Prime;][vc_column_text]<\/p>\n<div id=\"gauche\"><strong>Moneyocracy, au c?ur du financement de la politique am?ricaine<\/strong><\/div>\n<div id=\"droit\">\n<p>L?argent est, plus que jamais, le nerf de la guerre de la campagne am?ricaine.<\/p>\n<p>Plongez dans ce <strong>serious-game <\/strong>d&rsquo;enqu\u00eate diffus\u00e9e par <strong>Le Monde.fr<\/strong>, au c\u0153ur du syst\u00e8me de financement de la campagne am\u00e9ricaine.<\/p>\n<\/div>\n<p>[\/vc_column_text][vc_btn title=\u00a0\u00bbD\u00e9couvrez le projet\u00a0\u00bb color=\u00a0\u00bbpeacoc\u00a0\u00bb size=\u00a0\u00bblg\u00a0\u00bb align=\u00a0\u00bbcenter\u00a0\u00bb i_icon_fontawesome=\u00a0\u00bbfa fa-eye\u00a0\u00bb button_block=\u00a0\u00bbtrue\u00a0\u00bb add_icon=\u00a0\u00bbtrue\u00a0\u00bb link=\u00a0\u00bburl:http%3A%2F%2Fwww.lemonde.fr%2Felections-americaines%2Fvisuel%2F2012%2F11%2F05%2Fmoneyocracy-au-coeur-du-systeme-de-financement-de-la-campagne-americaine_1785627_829254.html||\u00a0\u00bb][\/vc_column_inner][\/vc_row_inner][\/vc_column][\/vc_row][vc_row][vc_column][vc_empty_space height=\u00a0\u00bb50px\u00a0\u00bb][vc_column_text css=\u00a0\u00bb.vc_custom_1448285795517{margin-bottom: -3px !important;}\u00a0\u00bb]<\/p>\n<div id=\"ancre2\">\n<h3><strong>Web Documentaires<\/strong><\/h3>\n<\/div>\n<p>[\/vc_column_text][vc_separator][vc_row_inner][vc_column_inner width=\u00a0\u00bb1\/2&Prime;][vc_video link=\u00a0\u00bbhttps:\/\/vimeo.com\/113705473&Prime;][vc_column_text]<\/p>\n<div id=\"gauche\"><strong>Grozny 9 cities<\/strong><\/div>\n<div id=\"droit\">\n<p>R\u00e9alis\u00e9 par l&rsquo;\u00e9quipe de <strong>Chewbahat<\/strong>, plongez au c\u0153ur du Caucase et de ses conflits, ses craintes et ses espoirs, dans une <strong>exp\u00e9rience audiovisuelle et narrative tr\u00e8s immersive<\/strong>.<br \/>\nCe <strong>web documentaire<\/strong> a remport\u00e9 le premier<strong> prix Bayeux-Calvados<\/strong> dans la cat\u00e9gorie <strong>Web journalisme<\/strong> en octobre 2014.<\/p>\n<p>Cet \u00e9v\u00e8nement rend hommage depuis plusieurs ann\u00e9es aux journalistes qui exercent leur m\u00e9tier au p\u00e9ril de leur vie pour relayer l&rsquo;information.<\/p>\n<\/div>\n<p>[\/vc_column_text][vc_btn title=\u00a0\u00bbD\u00e9couvrez le projet\u00a0\u00bb color=\u00a0\u00bbpeacoc\u00a0\u00bb size=\u00a0\u00bblg\u00a0\u00bb align=\u00a0\u00bbcenter\u00a0\u00bb i_icon_fontawesome=\u00a0\u00bbfa fa-eye\u00a0\u00bb button_block=\u00a0\u00bbtrue\u00a0\u00bb add_icon=\u00a0\u00bbtrue\u00a0\u00bb link=\u00a0\u00bburl:http%3A%2F%2Fgrozny.djehouti.com%2Fgrozny%2Ffr%2F||\u00a0\u00bb][\/vc_column_inner][vc_column_inner width=\u00a0\u00bb1\/2&Prime;][vc_video link=\u00a0\u00bbhttps:\/\/vimeo.com\/113706411&Prime;][vc_column_text]<\/p>\n<div id=\"gauche\"><strong>Rwanda, portraits du changement<\/strong><\/div>\n<div id=\"droit\">\n<p>Au printemps 1994, entre 800 000 et un million Tutsis mais aussi des Hutus mod\u00e9r\u00e9s\u00a0<strong>ont \u00e9t\u00e9 massacr\u00e9s en l&rsquo;espace de trois mois.<\/strong><\/p>\n<p>Vingt ans apr\u00e8s, bourreaux et victimes d&rsquo;hier sont devenus des voisins d&rsquo;aujourd&rsquo;hui.<\/p>\n<p>Ce <strong>web documentaire<\/strong> dirig\u00e9 par <strong>RFI<\/strong> montre comment les habitants d&rsquo;un petit village ont r\u00e9appris \u00e0 vivre ensemble et les d\u00e9fis qu&rsquo;ils doivent relever pour que l&rsquo;horreur ne se r\u00e9p\u00e8te jamais.<\/p>\n<\/div>\n<p>[\/vc_column_text][vc_btn title=\u00a0\u00bbD\u00e9couvrez le projet\u00a0\u00bb color=\u00a0\u00bbpeacoc\u00a0\u00bb size=\u00a0\u00bblg\u00a0\u00bb align=\u00a0\u00bbcenter\u00a0\u00bb i_icon_fontawesome=\u00a0\u00bbfa fa-eye\u00a0\u00bb button_block=\u00a0\u00bbtrue\u00a0\u00bb add_icon=\u00a0\u00bbtrue\u00a0\u00bb link=\u00a0\u00bburl:http%3A%2F%2Fwebdoc.france24-mcd-rfi.com%2Frwanda-genocide-vingt-ans-apres%2F||\u00a0\u00bb][\/vc_column_inner][\/vc_row_inner][\/vc_column][\/vc_row][vc_row][vc_column][vc_empty_space height=\u00a0\u00bb50px\u00a0\u00bb][vc_column_text css=\u00a0\u00bb.vc_custom_1448285836441{margin-bottom: -3px !important;}\u00a0\u00bb]<\/p>\n<div id=\"ancre3\">\n<h3><strong>Longs formats<\/strong><\/h3>\n<\/div>\n<p>[\/vc_column_text][vc_separator][vc_row_inner][vc_column_inner width=\u00a0\u00bb1\/2&Prime;][vc_video link=\u00a0\u00bbhttps:\/\/vimeo.com\/113707926&Prime;][vc_column_text]<\/p>\n<div id=\"gauche\"><strong>Centrafrique : des l\u00e9gionnaires sous tension<\/strong><\/div>\n<div id=\"droit\">\n<p>Pendant trois semaines, le photographe <strong>Edouard Elias<\/strong> a partag\u00e9 la vie sur le terrain des hommes du 2\u00e8me R\u00e9giment Etranger d&rsquo;Infanterie (REI) d\u00e9ploy\u00e9s en\u00a0<strong>Centrafrique<\/strong> depuis le mois de juillet.<\/p>\n<p>Plus qu&rsquo;un simple reportage, ces vid\u00e9os vous montreront dans quel contexte le photographe a travaill\u00e9. Un tout nouveau format interactif que vous propose la r\u00e9daction <strong>d&rsquo;Europe 1.<\/strong><\/p>\n<\/div>\n<p>[\/vc_column_text][vc_btn title=\u00a0\u00bbD\u00e9couvrez le projet\u00a0\u00bb color=\u00a0\u00bbpeacoc\u00a0\u00bb size=\u00a0\u00bblg\u00a0\u00bb align=\u00a0\u00bbcenter\u00a0\u00bb i_icon_fontawesome=\u00a0\u00bbfa fa-eye\u00a0\u00bb button_block=\u00a0\u00bbtrue\u00a0\u00bb add_icon=\u00a0\u00bbtrue\u00a0\u00bb link=\u00a0\u00bburl:http%3A%2F%2Fwww.europe1.fr%2Finternational%2Freportage-interactif-centrafrique-des-legionnaires-sous-tension-2295633||\u00a0\u00bb][\/vc_column_inner][vc_column_inner width=\u00a0\u00bb1\/2&Prime;][vc_video link=\u00a0\u00bbhttps:\/\/vimeo.com\/113709388&Prime;][vc_column_text]<\/p>\n<div id=\"gauche\"><strong>Passeport pour l&rsquo;aventure<\/strong><\/div>\n<div id=\"droit\">\n<p>Ils cherchent <strong>le grand frisson, \u00e0 battre des records, \u00e0 prouver au monde que rien ne leur est impossible<\/strong>, \u00e0 faire progresser la recherche scientifique ou tout simplement \u00e0 vivre autrement.<\/p>\n<p><strong>Ce long format<\/strong> se propose de partir \u00e0 leur rencontre afin qu&rsquo;ils nous racontent leurs exploits.<\/p>\n<p>Un projet r\u00e9alis\u00e9 par <strong>France Bleu.<\/strong><\/p>\n<\/div>\n<p>[\/vc_column_text][vc_btn title=\u00a0\u00bbD\u00e9couvrez le projet\u00a0\u00bb color=\u00a0\u00bbpeacoc\u00a0\u00bb size=\u00a0\u00bblg\u00a0\u00bb align=\u00a0\u00bbcenter\u00a0\u00bb i_icon_fontawesome=\u00a0\u00bbfa fa-eye\u00a0\u00bb button_block=\u00a0\u00bbtrue\u00a0\u00bb add_icon=\u00a0\u00bbtrue\u00a0\u00bb link=\u00a0\u00bburl:https%3A%2F%2Fwww.francebleu.fr%2Fpasseport-pour-l-aventure||\u00a0\u00bb][\/vc_column_inner][\/vc_row_inner][\/vc_column][\/vc_row][vc_row][vc_column][vc_empty_space height=\u00a0\u00bb50px\u00a0\u00bb][vc_column_text css=\u00a0\u00bb.vc_custom_1490611702752{margin-bottom: -3px !important;}\u00a0\u00bb]<\/p>\n<div id=\"ancre4\">\n<h3><strong>Vid\u00e9os interactives<\/strong><\/h3>\n<\/div>\n<p>[\/vc_column_text][vc_separator][vc_row_inner][vc_column_inner width=\u00a0\u00bb1\/2&Prime;][vc_video link=\u00a0\u00bbhttps:\/\/vimeo.com\/113709741&Prime;][vc_column_text]<\/p>\n<div id=\"gauche\"><strong>Rapport annuel d&rsquo;activit\u00e9 de l&rsquo;INA<\/strong><\/div>\n<div id=\"droit\">\n<p>Sur une cr\u00e9ation de l&rsquo;agence<strong> Textuel La Mine<\/strong>, nous avons r\u00e9alis\u00e9 l&rsquo;int\u00e9gration sur RacontR du rapport annuel d&rsquo;activit\u00e9 de l&rsquo;<strong>INA.<\/strong><\/p>\n<p>Un exemple des possibilit\u00e9s <strong>corporate<\/strong> autour de l&rsquo;interactivit\u00e9 et de la vid\u00e9o.<\/p>\n<\/div>\n<p>[\/vc_column_text][vc_btn title=\u00a0\u00bbD\u00e9couvrez le projet\u00a0\u00bb color=\u00a0\u00bbpeacoc\u00a0\u00bb size=\u00a0\u00bblg\u00a0\u00bb align=\u00a0\u00bbcenter\u00a0\u00bb i_icon_fontawesome=\u00a0\u00bbfa fa-eye\u00a0\u00bb button_block=\u00a0\u00bbtrue\u00a0\u00bb add_icon=\u00a0\u00bbtrue\u00a0\u00bb link=\u00a0\u00bburl:http%3A%2F%2Fwww.institut-national-audiovisuel.fr%2Fmedias%2Frapport-activite-2012%2Findex.html||\u00a0\u00bb][\/vc_column_inner][vc_column_inner width=\u00a0\u00bb1\/2&Prime;][vc_video link=\u00a0\u00bbhttps:\/\/vimeo.com\/113713155&Prime;][vc_column_text]<\/p>\n<div id=\"gauche\"><strong>La marche d&rsquo;apr\u00e8s<\/strong><\/div>\n<div id=\"droit\">\n<p>Laur\u00e9at du prix Premi\u00e8re Cam\u00e9ra de <strong>l&rsquo;agence Capa.<\/strong><\/p>\n<p>Un web documentaire sous la forme <strong>de vid\u00e9os interactives<\/strong> pour interroger l&rsquo;h\u00e9ritage de la marche des Beurs, <strong>30 ans apr\u00e8s.<\/strong><\/p>\n<\/div>\n<p>[\/vc_column_text][vc_btn title=\u00a0\u00bbD\u00e9couvrez le projet\u00a0\u00bb color=\u00a0\u00bbpeacoc\u00a0\u00bb size=\u00a0\u00bblg\u00a0\u00bb align=\u00a0\u00bbcenter\u00a0\u00bb i_icon_fontawesome=\u00a0\u00bbfa fa-eye\u00a0\u00bb button_block=\u00a0\u00bbtrue\u00a0\u00bb add_icon=\u00a0\u00bbtrue\u00a0\u00bb link=\u00a0\u00bburl:http%3A%2F%2Flamarchedapres.com%2F||\u00a0\u00bb][\/vc_column_inner][\/vc_row_inner][\/vc_column][\/vc_row][vc_row][vc_column][vc_empty_space height=\u00a0\u00bb50px\u00a0\u00bb][vc_column_text css=\u00a0\u00bb.vc_custom_1448285780927{margin-bottom: -3px !important;}\u00a0\u00bb]<\/p>\n<div id=\"ancre5\">\n<h3><strong>Illustrations interactives<\/strong><\/h3>\n<\/div>\n<p>[\/vc_column_text][vc_separator][vc_row_inner][vc_column_inner width=\u00a0\u00bb1\/2&Prime;][vc_video link=\u00a0\u00bbhttps:\/\/vimeo.com\/113717020&Prime;][vc_column_text]<\/p>\n<div id=\"gauche\"><strong>Heaulme, esquisse d&rsquo;un meurtrier<\/strong><\/div>\n<div id=\"droit\">\n<p><strong>France Info<\/strong> vous propose le portrait de celui qu&rsquo;on surnomme \u00ab\u00a0le routard du crime\u00a0\u00bb, en partenariat avec <strong>La Revue dessin\u00e9e.<\/strong><\/p>\n<p>D\u00e9couvrez son enfance, son errance, et son profil psychologique, entre autres, dans un format in\u00e9dit : une <strong>BD interactive<\/strong>, sous le trait du dessinateur <strong>Cyrille Pom\u00e8s.<\/strong><\/p>\n<\/div>\n<p>[\/vc_column_text][vc_btn title=\u00a0\u00bbD\u00e9couvrez le projet\u00a0\u00bb color=\u00a0\u00bbpeacoc\u00a0\u00bb size=\u00a0\u00bblg\u00a0\u00bb align=\u00a0\u00bbcenter\u00a0\u00bb i_icon_fontawesome=\u00a0\u00bbfa fa-eye\u00a0\u00bb button_block=\u00a0\u00bbtrue\u00a0\u00bb add_icon=\u00a0\u00bbtrue\u00a0\u00bb link=\u00a0\u00bburl:http%3A%2F%2Fwww.franceinfo.fr%2Fportrait-en-bd-heaulme-esquisse-d-un-meurtrier||\u00a0\u00bb][\/vc_column_inner][vc_column_inner width=\u00a0\u00bb1\/2&Prime;][vc_video link=\u00a0\u00bbhttps:\/\/vimeo.com\/113717688&Prime;][vc_column_text]<\/p>\n<div id=\"gauche\"><strong>Gouvernement, r\u00e9forme ferroviaire<\/strong><\/div>\n<div id=\"droit\">\n<p>La troisi\u00e8me r\u00e9forme de l&rsquo;histoire du rail fran\u00e7ais est en marche. Par ce biais, <strong>le Gouvernement<\/strong> entend am\u00e9liorer la qualit\u00e9 du service public et faire \u00e9merger un mod\u00e8le qui sera <strong>le garant de sa p\u00e9rennit\u00e9 et de sa comp\u00e9titivit\u00e9 en Europe.<\/strong><\/p>\n<p>Un projet sous forme d&rsquo;illustration interactive<strong> r\u00e9alis\u00e9 par nos soins.<\/strong><\/p>\n<\/div>\n<p>[\/vc_column_text][vc_btn title=\u00a0\u00bbD\u00e9couvrez le projet\u00a0\u00bb color=\u00a0\u00bbpeacoc\u00a0\u00bb size=\u00a0\u00bblg\u00a0\u00bb align=\u00a0\u00bbcenter\u00a0\u00bb i_icon_fontawesome=\u00a0\u00bbfa fa-eye\u00a0\u00bb button_block=\u00a0\u00bbtrue\u00a0\u00bb add_icon=\u00a0\u00bbtrue\u00a0\u00bb link=\u00a0\u00bburl:http%3A%2F%2Ftextuel.djehouti.com%2Freforme-ferroviaire%2F||\u00a0\u00bb][\/vc_column_inner][\/vc_row_inner][\/vc_column][\/vc_row][vc_row][vc_column][vc_empty_space height=\u00a0\u00bb50px\u00a0\u00bb][vc_column_text css=\u00a0\u00bb.vc_custom_1448281780547{margin-bottom: -3px !important;}\u00a0\u00bb]<\/p>\n<div id=\"ancre6\">\n<h3><strong>Websites<\/strong><\/h3>\n<\/div>\n<p>[\/vc_column_text][vc_separator][vc_row_inner][vc_column_inner width=\u00a0\u00bb1\/2&Prime;][vc_video link=\u00a0\u00bbhttps:\/\/vimeo.com\/113714175&Prime;][vc_column_text]<\/p>\n<div id=\"gauche\"><strong>Somos nosotros<\/strong><\/div>\n<div id=\"droit\">\n<p>5 portraits poignants de<strong> la jeunesse de Buenos Aires.<\/strong><\/p>\n<p>Entre espoir et inqui\u00e9tude, ce <strong>documentaire<\/strong> au contenu passionnant est structur\u00e9 simplement et tr\u00e8s efficacement et ressemble \u00e0<strong>\u00a0un mini site web.<\/strong><\/p>\n<p>Voyagez \u00e0 l&rsquo;autre bout du monde depuis votre ordinateur !<\/p>\n<\/div>\n<p>[\/vc_column_text][vc_btn title=\u00a0\u00bbD\u00e9couvrez le projet\u00a0\u00bb color=\u00a0\u00bbpeacoc\u00a0\u00bb size=\u00a0\u00bblg\u00a0\u00bb align=\u00a0\u00bbcenter\u00a0\u00bb i_icon_fontawesome=\u00a0\u00bbfa fa-eye\u00a0\u00bb button_block=\u00a0\u00bbtrue\u00a0\u00bb add_icon=\u00a0\u00bbtrue\u00a0\u00bb link=\u00a0\u00bburl:https%3A%2F%2Fracontr.wpengine.com%2Fprojects%2Fsomos-nosotros%2F||\u00a0\u00bb][\/vc_column_inner][vc_column_inner width=\u00a0\u00bb1\/2&Prime;][vc_video link=\u00a0\u00bbhttps:\/\/vimeo.com\/113714654&Prime;][vc_column_text]<\/p>\n<div id=\"gauche\"><strong>Chocolat, mon amour<\/strong><\/div>\n<div id=\"droit\">\n<p>Les mots de l&rsquo;alimentation ont tous une histoire : ils sortent de notre bouche pour nous r\u00e9galer de contes et l\u00e9gendes du bout du monde, de petites histoires aussi sensibles que dr\u00f4les qui forment <strong>la m\u00e9moire des gourmands et des gourmets.<\/strong><\/p>\n<p>No\u00ebl, jour de l&rsquo;an, avant les bonnes r\u00e9solutions d\u00e9gustons ensemble ce projet\u00a0<strong>France Bleu<\/strong> consacr\u00e9 au chocolat, <strong>faites-vous plaisir!<\/strong><\/p>\n<\/div>\n<p>[\/vc_column_text][vc_btn title=\u00a0\u00bbD\u00e9couvrez le projet\u00a0\u00bb color=\u00a0\u00bbpeacoc\u00a0\u00bb size=\u00a0\u00bblg\u00a0\u00bb align=\u00a0\u00bbcenter\u00a0\u00bb i_icon_fontawesome=\u00a0\u00bbfa fa-eye\u00a0\u00bb button_block=\u00a0\u00bbtrue\u00a0\u00bb add_icon=\u00a0\u00bbtrue\u00a0\u00bb link=\u00a0\u00bburl:http%3A%2F%2Fr434d31423.racontr.wpengine.com||\u00a0\u00bb][\/vc_column_inner][\/vc_row_inner][\/vc_column][\/vc_row][vc_row][vc_column][vc_empty_space height=\u00a0\u00bb50px\u00a0\u00bb][\/vc_column][\/vc_row][vc_row type=\u00a0\u00bbcolor\u00a0\u00bb bg_color=\u00a0\u00bb#009cad\u00a0\u00bb][vc_column][vc_empty_space height=\u00a0\u00bb70px\u00a0\u00bb][vc_single_image image=\u00a0\u00bb5420&Prime; img_size=\u00a0\u00bbfull\u00a0\u00bb alignment=\u00a0\u00bbcenter\u00a0\u00bb][vc_empty_space height=\u00a0\u00bb20px\u00a0\u00bb][\/vc_column][\/vc_row]<\/p>\n","protected":false},"excerpt":{"rendered":"<p>[vc_row type=\u00a0\u00bbcolor\u00a0\u00bb bg_color=\u00a0\u00bb#444444&Prime; margin_bottom=\u00a0\u00bb40&Prime;][vc_column][vc_empty_space height=\u00a0\u00bb80px\u00a0\u00bb][vc_column_text] CONSTRUISEZ VOS PROPRES EXP?RIENCES INTERACTIVES ! [\/vc_column_text][vc_empty_space height=\u00a0\u00bb20px\u00a0\u00bb][vc_separator color=\u00a0\u00bbwhite\u00a0\u00bb el_width=\u00a0\u00bb30&Prime;][vc_empty_space height=\u00a0\u00bb40px\u00a0\u00bb][vc_row_inner][vc_column_inner width=\u00a0\u00bb1\/6&Prime;][vc_icon type=\u00a0\u00bbentypo\u00a0\u00bb icon_entypo=\u00a0\u00bbentypo-icon entypo-icon-globe\u00a0\u00bb color=\u00a0\u00bbwhite\u00a0\u00bb background_style=\u00a0\u00bbrounded-outline\u00a0\u00bb size=\u00a0\u00bbxl\u00a0\u00bb align=\u00a0\u00bbcenter\u00a0\u00bb link=\u00a0\u00bburl:%23ancre2||\u00a0\u00bb][vc_column_text] Web Documentaire Construisez votre projet pour cr\u00e9er diff\u00e9rents niveaux de lecture et captivez votre auditoire ! [\/vc_column_text][\/vc_column_inner][vc_column_inner width=\u00a0\u00bb1\/6&Prime;][vc_icon type=\u00a0\u00bbentypo\u00a0\u00bb icon_entypo=\u00a0\u00bbentypo-icon entypo-icon-mouse\u00a0\u00bb color=\u00a0\u00bbwhite\u00a0\u00bb background_style=\u00a0\u00bbrounded-outline\u00a0\u00bb size=\u00a0\u00bbxl\u00a0\u00bb align=\u00a0\u00bbcenter\u00a0\u00bb link=\u00a0\u00bburl:%23ancre3||\u00a0\u00bb][vc_column_text] Long format Utilisez la simplicit\u00e9 d&rsquo;une navigation par scroll [&hellip;]<\/p>\n","protected":false},"author":2,"featured_media":0,"parent":0,"menu_order":0,"comment_status":"closed","ping_status":"closed","template":"","meta":{"footnotes":""},"class_list":["post-3727","page","type-page","status-publish","hentry"],"_links":{"self":[{"href":"https:\/\/app.racontr.com\/fr\/wp-json\/wp\/v2\/pages\/3727","targetHints":{"allow":["GET"]}}],"collection":[{"href":"https:\/\/app.racontr.com\/fr\/wp-json\/wp\/v2\/pages"}],"about":[{"href":"https:\/\/app.racontr.com\/fr\/wp-json\/wp\/v2\/types\/page"}],"author":[{"embeddable":true,"href":"https:\/\/app.racontr.com\/fr\/wp-json\/wp\/v2\/users\/2"}],"replies":[{"embeddable":true,"href":"https:\/\/app.racontr.com\/fr\/wp-json\/wp\/v2\/comments?post=3727"}],"version-history":[{"count":0,"href":"https:\/\/app.racontr.com\/fr\/wp-json\/wp\/v2\/pages\/3727\/revisions"}],"wp:attachment":[{"href":"https:\/\/app.racontr.com\/fr\/wp-json\/wp\/v2\/media?parent=3727"}],"curies":[{"name":"wp","href":"https:\/\/api.w.org\/{rel}","templated":true}]}}